{"id":10,"date":"2013-12-03T16:25:07","date_gmt":"2013-12-03T15:25:07","guid":{"rendered":"http:\/\/orawka-kosciol.pl\/?page_id=10"},"modified":"2025-07-29T20:33:47","modified_gmt":"2025-07-29T18:33:47","slug":"historia","status":"publish","type":"page","link":"https:\/\/orawka-kosciol.pl\/hu\/historia\/","title":{"rendered":"T\u00f6rt\u00e9nete"},"content":{"rendered":"<p><div id=\"attachment_692\" style=\"width: 310px\" class=\"wp-caption alignleft\"><a href=\"http:\/\/orawka-kosciol.pl\/wp-content\/uploads\/2014\/06\/MG_0215.jpg\"><img loading=\"lazy\" decoding=\"async\" aria-describedby=\"caption-attachment-692\" class=\"size-medium wp-image-692\" src=\"http:\/\/orawka-kosciol.pl\/wp-content\/uploads\/2014\/06\/MG_0215-300x200.jpg\" alt=\"\" width=\"300\" height=\"200\" srcset=\"https:\/\/orawka-kosciol.pl\/wp-content\/uploads\/2014\/06\/MG_0215-300x200.jpg 300w, https:\/\/orawka-kosciol.pl\/wp-content\/uploads\/2014\/06\/MG_0215-1024x682.jpg 1024w, https:\/\/orawka-kosciol.pl\/wp-content\/uploads\/2014\/06\/MG_0215-624x416.jpg 624w\" sizes=\"auto, (max-width: 300px) 100vw, 300px\" \/><\/a><p id=\"caption-attachment-692\" class=\"wp-caption-text\">fot. Tomasz Parys<\/p><\/div><\/p>\n<p>Orawk\u00e1t (Oravka-Kis\u00e1rva) &#8211; a Magyar Kir\u00e1lys\u00e1g \u00c1rva v\u00e1rmegy\u00e9j\u00e9nek \u00e9szaki r\u00e9sz\u00e9n, Fels\u0151-\u00c1rv\u00e1ban fekv\u0151 lengyelek \u00e1ltal lakott falut &#8211; 1585-ben alap\u00edtott\u00e1k. \u00c1rva f\u0151isp\u00e1njai, Thurz\u00f3 Ferenc majd fia Thurz\u00f3 Gy\u00f6rgy rendelt\u00e9k el a vid\u00e9k ben\u00e9pes\u00edt\u00e9s\u00e9t. A lakatlan, erd\u0151s ter\u00fcletek hasznos\u00edt\u00e1sa \u00e9s v\u00e9delme fej\u00e9ben t\u00f6bb \u00e9ves ad\u00f3mentess\u00e9get \u00edg\u00e9rtek a betelep\u00fcl\u0151knek. 1920-ban Fels\u0151-\u00c1rva 12 telep\u00fcl\u00e9se Lengyelorsz\u00e1ghoz ker\u00fclt.<\/p>\n<p>1648-ban Oravk\u00e1ban hozt\u00e1k l\u00e9tre a vid\u00e9k els\u0151 katolikus pl\u00e9b\u00e1ni\u00e1j\u00e1t. Az esztergomi \u00e9rsek a lengyelorsz\u00e1gi Jan Szczechowicz (Scsehovics J\u00e1nos) katolikus papot nevezte ki \u00e9l\u00e9re. A kir\u00e1ly \u00e9s a n\u00e1dor is p\u00e1rtfog\u00e1s\u00e1ba vette Fels\u0151-\u00c1rva katolikus n\u00e9p\u00e9t, \u00e9s biztos\u00edtotta a lengyelorsz\u00e1gi papok szabad m\u0171k\u00f6d\u00e9s\u00e9t. A v\u00e1rmegye urai, a Th\u00f6k\u00f6ly csal\u00e1d protest\u00e1ns volt, \u00e9s e vid\u00e9ken is csak protest\u00e1ns templomokat alap\u00edtottak. Oravka \u00edgy az ellenreform\u00e1ci\u00f3 helyi k\u00f6zpontj\u00e1v\u00e1 v\u00e1lt. A templomot 1650-ben kezdt\u00e9k el \u00e9p\u00edteni.<\/p>\n<div id=\"attachment_73\" style=\"width: 190px\" class=\"wp-caption alignleft\"><a href=\"http:\/\/orawka-kosciol.pl\/wp-content\/uploads\/2013\/12\/IMG_7297_.jpg\"><img loading=\"lazy\" decoding=\"async\" aria-describedby=\"caption-attachment-73\" class=\"size-medium wp-image-73\" src=\"http:\/\/orawka-kosciol.pl\/wp-content\/uploads\/2013\/12\/IMG_7297_-180x300.jpg\" alt=\"\" width=\"180\" height=\"300\" srcset=\"https:\/\/orawka-kosciol.pl\/wp-content\/uploads\/2013\/12\/IMG_7297_-180x300.jpg 180w, https:\/\/orawka-kosciol.pl\/wp-content\/uploads\/2013\/12\/IMG_7297_.jpg 602w\" sizes=\"auto, (max-width: 180px) 100vw, 180px\" \/><\/a><p id=\"caption-attachment-73\" class=\"wp-caption-text\">fot. M.Jurasz<\/p><\/div>\n<p>A lelkes pl\u00e9b\u00e1nos munk\u00e1ja eredm\u00e9nyek\u00e9nt 1650-56 k\u00f6z\u00f6tt fel\u00e9p\u00fclt az egyhaj\u00f3s, k\u00e9s\u0151 g\u00f3tikus Keresztel\u0151 Szent J\u00e1nos tisztelet\u00e9re szentelt fatemplom. A templom k\u0151 alapra helyezve v\u00f6r\u00f6sfeny\u0151b\u0151l k\u00e9sz\u00fclt, egyetlen sz\u00f6g felhaszn\u00e1l\u00e1sa n\u00e9lk\u00fcl. Ekkor Magyarorsz\u00e1gon III. majd IV. Ferdin\u00e1nd uralkodott, az orsz\u00e1g n\u00e1dora P\u00e1lffy P\u00e1l, az esztergomi \u00e9rsek Lippay Gy\u00f6rgy volt. A templom eml\u00e9kei arr\u00f3l tan\u00faskodnak, hogy t\u00f6rt\u00e9nete szorosan f\u0171z\u0151dik az \u0151 nev\u00fckh\u00f6z. A n\u00e1dor a baloldali mell\u00e9kolt\u00e1rt, III. Ferdin\u00e1nd kir\u00e1ly orgon\u00e1t \u00e9s egy nagy harangot, k\u00e9s\u0151bb IV. Ferdin\u00e1nd k\u00e9t kisebb harangot adom\u00e1nyozott a templomnak. A h\u00e1rom harang k\u00f6z\u00fcl csak egy maradt meg, kett\u0151t az I. vil\u00e1gh\u00e1bor\u00fa idej\u00e9n hadi c\u00e9lokra kellett beszolg\u00e1ltatni. A megmaradt harang felirata: \u201eIV. Ferdin\u00e1nd Magyarorsz\u00e1g \u00e9s Csehorsz\u00e1g kir\u00e1lya adom\u00e1nyozott engem az \u00e1rvai katolikusoknak 1652 \u00e9vben.\u201d<\/p>\n<p>1728-ban a fatemplomhoz k\u0151b\u0151l k\u00e1poln\u00e1t \u00e9p\u00edtettek. 1901-ben k\u00e9sz\u00fclt el az \u00faj n\u00e9gy fiatornyos harangtorony, mivel a kor\u00e1bbi barokk st\u00edlus\u00fa hagymakupol\u00e1s tornyot le kellett bontani. A templom tet\u0151szerkezet\u00e9t 1935-ben \u00e9p\u00edtett\u00e9k \u00e1t mai form\u00e1j\u00e1ra.<\/p>\n<p><a href=\"http:\/\/orawka-kosciol.pl\/wp-content\/uploads\/2013\/12\/1011131_574132885972931_257442069_n.jpg\"><img loading=\"lazy\" decoding=\"async\" class=\"alignleft size-medium wp-image-82\" src=\"http:\/\/orawka-kosciol.pl\/wp-content\/uploads\/2013\/12\/1011131_574132885972931_257442069_n-215x300.jpg\" alt=\"\" width=\"215\" height=\"300\" srcset=\"https:\/\/orawka-kosciol.pl\/wp-content\/uploads\/2013\/12\/1011131_574132885972931_257442069_n-215x300.jpg 215w, https:\/\/orawka-kosciol.pl\/wp-content\/uploads\/2013\/12\/1011131_574132885972931_257442069_n.jpg 567w\" sizes=\"auto, (max-width: 215px) 100vw, 215px\" \/><\/a>A templom kazett\u00e1s mennyezete, k\u00e9pei, d\u00edsz\u00edt\u00e9se k\u00e9s\u0151 renesz\u00e1nsz, m\u00edg az olt\u00e1rok barokk st\u00edlus\u00faak, a XVIII. sz\u00e1zad els\u0151 fel\u00e9b\u0151l sz\u00e1rmaznak. Ezek val\u00f3sz\u00edn\u0171leg nem az eredeti olt\u00e1rok. Az els\u0151 olt\u00e1r j\u00f3val kisebb \u00e9s szer\u00e9nyebb lehetett, erre utal, hogy a m\u00f6g\u00f6tte l\u00e9v\u0151 falfestm\u00e9nyek ma nem l\u00e1that\u00f3k, mert az \u00fajabb olt\u00e1r eltakarja azokat. A Sz\u0171z M\u00e1ria f\u0151olt\u00e1r k\u00f6zep\u00e9n a Pieta l\u00e1that\u00f3, k\u00e9t oldal\u00e1n Szent Szaniszl\u00f3 \u00e9s Szent Adalbert p\u00fcsp\u00f6k\u00f6k szobraival. A k\u00e9t sz\u00e9len Szent Istv\u00e1n \u00e9s Szent L\u00e1szl\u00f3 magyar kir\u00e1lyok alakja l\u00e1that\u00f3. Az olt\u00e1r fels\u0151 r\u00e9sz\u00e9n k\u00f6z\u00e9pen a Sz\u0171z M\u00e1ria a kis J\u00e9zussal medalionk\u00e9p tal\u00e1lhat\u00f3, mellette Szent Borb\u00e1la \u00e9s Szent Katalin, a k\u00e9t sz\u00e9len pedig k\u00e9t magyar n\u0151i szent, val\u00f3sz\u00edn\u0171leg Sk\u00f3ciai Szent Margit \u00e9s Szent Erzs\u00e9bet szobra \u00e1ll. A medalionk\u00e9p alatti k\u00f6r alak\u00fa k\u00e9p Keresztel\u0151 Szent J\u00e1nos fej\u00e9t egy t\u00e1lc\u00e1n \u00e1br\u00e1zolja.<\/p>\n<p>A bal oldali mell\u00e9kolt\u00e1r k\u00e9pe a Szepl\u0151telen Fogantat\u00e1st \u00e1br\u00e1zolja, felette a Szent Csal\u00e1d k\u00e9pe, az olt\u00e1r tetej\u00e9n pedig Szent Mih\u00e1ly arkangyal szobra \u00e1ll. A jobb oldali mell\u00e9kolt\u00e1ron Rubens Keresztre fesz\u00edt\u00e9s k\u00e9p\u00e9nek m\u00e1solata l\u00e1that\u00f3. A katona l\u00e1ndzs\u00e1j\u00e1val \u00e1tsz\u00farja a kereszten f\u00fcgg\u0151 Krisztus test\u00e9t. A fels\u0151 k\u00e9p a H\u00e9tf\u00e1jdalm\u00fa Sz\u0171zany\u00e1t \u00e1br\u00e1zolja, tetej\u00e9n pedig a Felt\u00e1madt Krisztus.<\/p>\n<p>A szenved\u0151 Krisztus szobra a XV-XVI. sz\u00e1zadb\u00f3l sz\u00e1rmazik. Haj, t\u00f6viskorona \u00e9s a k\u00f6peny mind term\u00e9szetes\u00a0 anyagb\u00f3l vannak.<\/p>\n<p>A diadal\u00edv gerend\u00e1j\u00e1n a Keresztre fesz\u00edt\u00e9s szoborcsoportja l\u00e1that\u00f3, Sz\u0171z M\u00e1ri\u00e1val, M\u00e1ria Magdoln\u00e1val \u00e9s Szent J\u00e1nossal. A diadal\u00edv mennyezet alatti r\u00e9sz\u00e9n a p\u00e1rtfog\u00f3k, bal oldalon III. Ferdin\u00e1nd, jobb oldalon Lippay Gy\u00f6rgy esztergomi \u00e9rsek c\u00edmere l\u00e1that\u00f3.<\/p>\n<p>Oravka temploma egyike a legszebb, legsz\u00ednesebb festett templomoknak a K\u00e1rp\u00e1tok vid\u00e9k\u00e9n. Bels\u0151 falait, mennyezet\u00e9t, berendez\u00e9s\u00e9t sz\u00ednpomp\u00e1s, f\u00e1ra festett k\u00e9pek bor\u00edtj\u00e1k. A k\u00e9peket nem egy id\u0151ben festett\u00e9k, 1656-t\u0151l a XVIII. sz\u00e1zad k\u00f6zep\u00e9ig, t\u00f6bb ciklusban k\u00e9sz\u00edtett\u00e9k ismeretlen m\u0171v\u00e9szek.<\/p>\n<p><a href=\"http:\/\/orawka-kosciol.pl\/wp-content\/uploads\/2014\/01\/image016.png\"><img loading=\"lazy\" decoding=\"async\" class=\"alignleft size-medium wp-image-309\" src=\"http:\/\/orawka-kosciol.pl\/wp-content\/uploads\/2014\/01\/image016-249x300.png\" alt=\"\" width=\"249\" height=\"300\" srcset=\"https:\/\/orawka-kosciol.pl\/wp-content\/uploads\/2014\/01\/image016-249x300.png 249w, https:\/\/orawka-kosciol.pl\/wp-content\/uploads\/2014\/01\/image016.png 295w\" sizes=\"auto, (max-width: 249px) 100vw, 249px\" \/><\/a>A templom f\u0151 d\u00edsze a falakat \u00e9s mennyezetet bebor\u00edt\u00f3 14 nagy alak\u00fa k\u00e9p, mely Keresztel\u0151 Szent J\u00e1nos \u00e9let\u00e9t mutatja be. Minden k\u00e9pen latin nyelv\u0171 szent\u00edr\u00e1si id\u00e9zet utal a tartalm\u00e1ra. A k\u00e9pek a templom fel\u00e9p\u00fcl\u00e9s\u00e9t k\u00f6vet\u0151en, a XVII. sz\u00e1zad m\u00e1sodik fel\u00e9ben k\u00e9sz\u00fcltek. A magyar l\u00e1togat\u00f3 sz\u00e1m\u00e1ra k\u00fcl\u00f6n\u00f6sen \u00e9rt\u00e9kes a magyar szenteket \u00e1br\u00e1zol\u00f3 k\u00e9psorozat. Nincs m\u00e9g egy templom a K\u00e1rp\u00e1t-medence ter\u00fclet\u00e9n, ahol a szent\u00e9let\u0171 magyarok ilyen nagysz\u00e1m\u00fa, festett k\u00e9pgal\u00e9ri\u00e1ja t\u00e1rulna a l\u00e1togat\u00f3 el\u00e9.<\/p>\n<p>1693-1705 k\u00f6z\u00f6tt a magyar Barna G\u00e1bor volt Oravka pl\u00e9b\u00e1nosa. \u0150 kezdem\u00e9nyezte a magyar szentek portr\u00e9inak megfest\u00e9s\u00e9t, a jezsuita Hevenesi G\u00e1bor 1692-ben Nagyszombatban megjelent \u201eIndicia Sanctitatis Ungaricae\u201d &#8211; R\u00e9gi magyar szents\u00e9g c\u00edm\u0171 k\u00f6nyv\u00e9nek metszetei alapj\u00e1n. A kifest\u00e9st 1711-ben fejezt\u00e9k be. Az 52 \u00e1br\u00e1zolt metszet k\u00f6z\u00fcl \u2013 a k\u00e9s\u0151bbi \u00e1tfest\u00e9sek miatt \u2013 ma 49 magyar szent szerepel a templomban. A k\u00e9psorozat a szent\u00e9ly \u00e9szaki oldal\u00e1n Szent Istv\u00e1n kir\u00e1llyal kezd\u0151dik. Mellette Szent Imre \u00e9s Szent L\u00e1szl\u00f3 k\u00e9pe tal\u00e1lhat\u00f3. A szent\u00e9ly d\u00e9li oldal\u00e1n f\u00fcgg Salamon kir\u00e1ly \u00f6regkori k\u00e9pe, aki a legenda szerint megb\u00e1nva \u00e9lete t\u00e9ved\u00e9seit, remetek\u00e9nt halt meg. Mellette a lengyel Szent K\u00e1zm\u00e9r \u201ev\u00e1lasztott magyar kir\u00e1ly\u201d, majd az \u00c1rp\u00e1d-h\u00e1z rokons\u00e1g\u00e1ban \u00e1ll\u00f3 Sk\u00f3ciai Szent D\u00e1vid \u00e9s Szent Lajos Toulouse-i p\u00fcsp\u00f6k \u00e1br\u00e1zol\u00e1sa tal\u00e1lhat\u00f3.<\/p>\n<p>A szent\u00e9ly k\u00e9t oldal\u00e1n \u00e1ll\u00f3 stallumok h\u00e1tlapj\u00e1ra t\u00edz magyar p\u00fcsp\u00f6k szent k\u00e9p\u00e9t festett\u00e9k. A haj\u00f3 falain, valamint a karzaton folytat\u00f3dik a f\u00e9rfi magyar szentek \u00e9s boldogok k\u00e9psorozata. A mennyezet alatt a haj\u00f3 mindk\u00e9t oldal\u00e1n v\u00e9gigfut\u00f3 lez\u00e1r\u00f3 r\u00e9szen n\u0151i szentjeinket \u00e1br\u00e1zolt\u00e1k. Minden k\u00e9phez r\u00f6vid latin nyelv\u0171 felirat is tartozik, ami t\u00e1j\u00e9koztat arr\u00f3l, hogy kit \u00e1br\u00e1zol a k\u00e9p, s milyen szerepet j\u00e1tszott a magyar t\u00f6rt\u00e9nelemben. E szentek legnagyobb r\u00e9sze \u00c1rp\u00e1d-h\u00e1zi \u00e9s vel\u00fck rokons\u00e1gban l\u00e9v\u0151 szem\u00e9ly, vagy az \u00c1rp\u00e1d-korban \u00e9lt. (43 szent). Oravka templom\u00e1t teh\u00e1t b\u00e1tran nevezhetj\u00fck a magyar szentek templom\u00e1nak is.<\/p>\n<div id=\"attachment_72\" style=\"width: 310px\" class=\"wp-caption alignleft\"><a href=\"http:\/\/orawka-kosciol.pl\/wp-content\/uploads\/2013\/12\/IMG_7286-.jpg\"><img loading=\"lazy\" decoding=\"async\" aria-describedby=\"caption-attachment-72\" class=\"size-medium wp-image-72\" src=\"http:\/\/orawka-kosciol.pl\/wp-content\/uploads\/2013\/12\/IMG_7286--300x200.jpg\" alt=\"\" width=\"300\" height=\"200\" srcset=\"https:\/\/orawka-kosciol.pl\/wp-content\/uploads\/2013\/12\/IMG_7286--300x200.jpg 300w, https:\/\/orawka-kosciol.pl\/wp-content\/uploads\/2013\/12\/IMG_7286--1024x682.jpg 1024w, https:\/\/orawka-kosciol.pl\/wp-content\/uploads\/2013\/12\/IMG_7286--624x416.jpg 624w, https:\/\/orawka-kosciol.pl\/wp-content\/uploads\/2013\/12\/IMG_7286-.jpg 1500w\" sizes=\"auto, (max-width: 300px) 100vw, 300px\" \/><\/a><p id=\"caption-attachment-72\" class=\"wp-caption-text\">fot. M.Jurasz<\/p><\/div>\n<p>A karzat oldalfal\u00e1n a T\u00edzparancsolat el\u0151\u00edr\u00e1sait \u00e1br\u00e1zolt\u00e1k, 10 sz\u00f6veg n\u00e9lk\u00fcli festm\u00e9nyen. A k\u00e9psor kult\u00fart\u00f6rt\u00e9neti szempontb\u00f3l is \u00e9rdekes, mert a kor paraszti, polg\u00e1ri \u00e9s nemesi viselet\u00e9nek egyetlen ismert \u00e1br\u00e1zol\u00e1sa a vid\u00e9ken. A karzat felj\u00e1r\u00f3 melletti k\u00e9p a pokolra jut\u00f3k gy\u00f6trelmeit mutatja be. A karzat orgona fel\u0151li oldal\u00e1n 13 zen\u00e9l\u0151 angyalt \u00e1br\u00e1zol\u00f3 k\u00e9psorozat l\u00e1that\u00f3. A karzat h\u00e1ts\u00f3 fal\u00e1n az adom\u00e1nyoz\u00f3 lengyel Mony\u00e1k csal\u00e1d c\u00edmer\u00e9t helyezt\u00e9k el, akik 1674-ben I. Lip\u00f3t cs\u00e1sz\u00e1rt\u00f3l magyar nemesi c\u00edmet nyertek.<\/p>\n<p>A templom \u00e1ltal\u00e1nos fel\u00faj\u00edt\u00e1sa \u00e9s konzerv\u00e1l\u00e1sa az 1990-es \u00e9vekben t\u00f6rt\u00e9nt, az\u00f3ta l\u00e9p\u00e9sr\u0151l l\u00e9p\u00e9sre a templom berendez\u00e9s\u00e9n dolgoznak. A folyamat nagyban f\u00fcgg a befolyt adom\u00e1nyokt\u00f3l, \u00edgy minden adom\u00e1ny\u00e9rt h\u00e1l\u00e1sak vagyunk. Isten fizesse meg!<\/p>\n<p><em> Udvarhelyi Nandor<\/em><\/p>","protected":false},"excerpt":{"rendered":"<p>Orawk\u00e1t (Oravka-Kis\u00e1rva) &#8211; a Magyar Kir\u00e1lys\u00e1g \u00c1rva v\u00e1rmegy\u00e9j\u00e9nek \u00e9szaki r\u00e9sz\u00e9n, Fels\u0151-\u00c1rv\u00e1ban fekv\u0151 lengyelek \u00e1ltal lakott falut &#8211; 1585-ben alap\u00edtott\u00e1k. \u00c1rva f\u0151isp\u00e1njai, Thurz\u00f3 Ferenc majd fia Thurz\u00f3 Gy\u00f6rgy rendelt\u00e9k el a vid\u00e9k ben\u00e9pes\u00edt\u00e9s\u00e9t. A lakatlan, erd\u0151s ter\u00fcletek hasznos\u00edt\u00e1sa \u00e9s v\u00e9delme fej\u00e9ben t\u00f6bb \u00e9ves ad\u00f3mentess\u00e9get \u00edg\u00e9rtek a betelep\u00fcl\u0151knek. 1920-ban Fels\u0151-\u00c1rva 12 telep\u00fcl\u00e9se Lengyelorsz\u00e1ghoz ker\u00fclt. 1648-ban Oravk\u00e1ban hozt\u00e1k [&hellip;]<\/p>\n","protected":false},"author":1,"featured_media":0,"parent":0,"menu_order":1,"comment_status":"closed","ping_status":"closed","template":"","meta":{"footnotes":""},"class_list":["post-10","page","type-page","status-publish","hentry"],"_links":{"self":[{"href":"https:\/\/orawka-kosciol.pl\/hu\/wp-json\/wp\/v2\/pages\/10","targetHints":{"allow":["GET"]}}],"collection":[{"href":"https:\/\/orawka-kosciol.pl\/hu\/wp-json\/wp\/v2\/pages"}],"about":[{"href":"https:\/\/orawka-kosciol.pl\/hu\/wp-json\/wp\/v2\/types\/page"}],"author":[{"embeddable":true,"href":"https:\/\/orawka-kosciol.pl\/hu\/wp-json\/wp\/v2\/users\/1"}],"replies":[{"embeddable":true,"href":"https:\/\/orawka-kosciol.pl\/hu\/wp-json\/wp\/v2\/comments?post=10"}],"version-history":[{"count":168,"href":"https:\/\/orawka-kosciol.pl\/hu\/wp-json\/wp\/v2\/pages\/10\/revisions"}],"predecessor-version":[{"id":3529,"href":"https:\/\/orawka-kosciol.pl\/hu\/wp-json\/wp\/v2\/pages\/10\/revisions\/3529"}],"wp:attachment":[{"href":"https:\/\/orawka-kosciol.pl\/hu\/wp-json\/wp\/v2\/media?parent=10"}],"curies":[{"name":"wp","href":"https:\/\/api.w.org\/{rel}","templated":true}]}}